{"id":4033,"date":"2018-02-18T17:01:19","date_gmt":"2018-02-18T16:01:19","guid":{"rendered":"http:\/\/opticagracia.com\/?page_id=4033"},"modified":"2026-08-30T08:38:25","modified_gmt":"2026-08-30T06:38:25","slug":"promociones","status":"publish","type":"page","link":"https:\/\/www.opticagracia.com\/fr\/promociones\/","title":{"rendered":"Promotions"},"content":{"rendered":"<div data-elementor-type=\"wp-post\" data-elementor-id=\"4033\" class=\"elementor elementor-4033\" data-elementor-post-type=\"page\">\n\t\t\t\t\t\t<section class=\"elementor-section elementor-top-section elementor-element elementor-element-09a1c35 elementor-section-full_width elementor-section-height-default elementor-section-height-default\" data-id=\"09a1c35\" data-element_type=\"section\" data-e-type=\"section\" id=\"promo-2nprogressiu\">\n\t\t\t\t\t\t<div class=\"elementor-container elementor-column-gap-default\">\n\t\t\t\t\t<div class=\"elementor-column elementor-col-100 elementor-top-column elementor-element elementor-element-c677e19\" data-id=\"c677e19\" data-element_type=\"column\" data-e-type=\"column\">\n\t\t\t<div class=\"elementor-widget-wrap elementor-element-populated\">\n\t\t\t\t\t\t<div class=\"elementor-element elementor-element-3417edd elementor-widget elementor-widget-premium-addon-banner\" data-id=\"3417edd\" data-element_type=\"widget\" data-e-type=\"widget\" data-widget_type=\"premium-addon-banner.default\">\n\t\t\t\t\t\t\t<div class=\"premium-banner-ib premium-banner-min-height premium-banner-animation1 none premium-banner__effect-type2\">\n\t\t\t\t\t\t\t\t\t\t<img fetchpriority=\"high\" decoding=\"async\" width=\"900\" height=\"319\" src=\"https:\/\/www.opticagracia.com\/wp-content\/uploads\/2023\/02\/Optica-Gracia-Palafrugell-Platja-DAro-Promocio-Segon-parell-de-progressives-gratis.jpg\" class=\"attachment-full size-full wp-image-17718\" alt=\"\" srcset=\"https:\/\/www.opticagracia.com\/wp-content\/uploads\/2023\/02\/Optica-Gracia-Palafrugell-Platja-DAro-Promocio-Segon-parell-de-progressives-gratis.jpg 900w, https:\/\/www.opticagracia.com\/wp-content\/uploads\/2023\/02\/Optica-Gracia-Palafrugell-Platja-DAro-Promocio-Segon-parell-de-progressives-gratis-650x230.jpg 650w, https:\/\/www.opticagracia.com\/wp-content\/uploads\/2023\/02\/Optica-Gracia-Palafrugell-Platja-DAro-Promocio-Segon-parell-de-progressives-gratis-100x35.jpg 100w, https:\/\/www.opticagracia.com\/wp-content\/uploads\/2023\/02\/Optica-Gracia-Palafrugell-Platja-DAro-Promocio-Segon-parell-de-progressives-gratis-768x272.jpg 768w, https:\/\/www.opticagracia.com\/wp-content\/uploads\/2023\/02\/Optica-Gracia-Palafrugell-Platja-DAro-Promocio-Segon-parell-de-progressives-gratis-500x177.jpg 500w\" sizes=\"(max-width: 900px) 100vw, 900px\" \/>\t\t\t\t\t\t\t\t\t<div class=\"premium-banner-ib-desc\">\n\t\t\t\t\n\t\t\t\t\n\t\t\t\t\t\t\t\t\t\t\t\t\t\t<h2 class=\"premium-banner-ib-title premium_banner_title\">\n\t\t\t\t\t\t2e progressif gratuit\t\t\t\t\t<\/h2>\n\t\t\t\t\n\t\t\t\t\n\t\t\t\t\n\t\t\t\t\t\t\t<\/div>\n\t\t\t\t\t<\/div>\n\n\t\t\t\t\t\t<\/div>\n\t\t\t\t<div class=\"elementor-element elementor-element-7a45f59 elementor-widget elementor-widget-text-editor\" data-id=\"7a45f59\" data-element_type=\"widget\" data-e-type=\"widget\" data-widget_type=\"text-editor.default\">\n\t\t\t\t\t\t\t\t\t<p style=\"text-align: justify;\">Au <strong>Optica Gracia<\/strong> nous sommes des sp\u00e9cialistes des verres progressifs, offrant toujours la plus haute qualit\u00e9 et la technologie la plus r\u00e9cente.<\/p><p style=\"text-align: justify;\">D\u00e9sormais, \u00e0 l'achat d'une paire de verres progressifs haut de gamme, vous recevrez une deuxi\u00e8me paire de verres en cadeau !<\/p><p style=\"text-align: justify;\">Vous pouvez choisir s'ils sont vision, soleil ou photochromiques.<\/p>\t\t\t\t\t\t\t\t<\/div>\n\t\t\t\t<div class=\"elementor-element elementor-element-bdc0df4 elementor-widget-divider--view-line elementor-widget elementor-widget-divider\" data-id=\"bdc0df4\" data-element_type=\"widget\" data-e-type=\"widget\" data-widget_type=\"divider.default\">\n\t\t\t\t\t\t\t<div class=\"elementor-divider\">\n\t\t\t<span class=\"elementor-divider-separator\">\n\t\t\t\t\t\t<\/span>\n\t\t<\/div>\n\t\t\t\t\t\t<\/div>\n\t\t\t\t\t<\/div>\n\t\t<\/div>\n\t\t\t\t\t<\/div>\n\t\t<\/section>\n\t\t\t\t<section class=\"elementor-section elementor-top-section elementor-element elementor-element-56c0115 elementor-section-full_width elementor-section-height-default elementor-section-height-default\" data-id=\"56c0115\" data-element_type=\"section\" data-e-type=\"section\">\n\t\t\t\t\t\t<div class=\"elementor-container elementor-column-gap-default\">\n\t\t\t\t\t<div class=\"elementor-column elementor-col-100 elementor-top-column elementor-element elementor-element-97e3da6\" data-id=\"97e3da6\" data-element_type=\"column\" data-e-type=\"column\">\n\t\t\t<div class=\"elementor-widget-wrap elementor-element-populated\">\n\t\t\t\t\t\t<div class=\"elementor-element elementor-element-b1038c0 elementor-widget elementor-widget-premium-addon-banner\" data-id=\"b1038c0\" data-element_type=\"widget\" data-e-type=\"widget\" data-widget_type=\"premium-addon-banner.default\">\n\t\t\t\t\t\t\t<div class=\"premium-banner-ib premium-banner-min-height premium-banner-animation1 none premium-banner__effect-type2\">\n\t\t\t\t\t\t\t\t\t\t<img decoding=\"async\" width=\"900\" height=\"319\" src=\"https:\/\/www.opticagracia.com\/wp-content\/uploads\/2023\/02\/Optica-Gracia-Palafrugell-Platja-DAro-Promocio-Ulleres-progressives.jpg\" class=\"attachment-full size-full wp-image-17710\" alt=\"\" srcset=\"https:\/\/www.opticagracia.com\/wp-content\/uploads\/2023\/02\/Optica-Gracia-Palafrugell-Platja-DAro-Promocio-Ulleres-progressives.jpg 900w, https:\/\/www.opticagracia.com\/wp-content\/uploads\/2023\/02\/Optica-Gracia-Palafrugell-Platja-DAro-Promocio-Ulleres-progressives-650x230.jpg 650w, https:\/\/www.opticagracia.com\/wp-content\/uploads\/2023\/02\/Optica-Gracia-Palafrugell-Platja-DAro-Promocio-Ulleres-progressives-100x35.jpg 100w, https:\/\/www.opticagracia.com\/wp-content\/uploads\/2023\/02\/Optica-Gracia-Palafrugell-Platja-DAro-Promocio-Ulleres-progressives-768x272.jpg 768w, https:\/\/www.opticagracia.com\/wp-content\/uploads\/2023\/02\/Optica-Gracia-Palafrugell-Platja-DAro-Promocio-Ulleres-progressives-500x177.jpg 500w\" sizes=\"(max-width: 900px) 100vw, 900px\" \/>\t\t\t\t\t\t\t\t\t<div class=\"premium-banner-ib-desc\">\n\t\t\t\t\n\t\t\t\t\n\t\t\t\t\t\t\t\t\t\t\t\t\t\t<h2 class=\"premium-banner-ib-title premium_banner_title\">\n\t\t\t\t\t\tLunettes progressives\t\t\t\t\t<\/h2>\n\t\t\t\t\n\t\t\t\t\t\t\t\t\t<div class=\"premium-banner-ib-content premium_banner_content\">\n\t\t\t\t\t\t<p>Monture + Lentilles <strong>299\u20ac<\/strong><\/p>\t\t\t\t\t<\/div>\n\t\t\t\t\n\t\t\t\t\n\t\t\t\t\t\t\t<\/div>\n\t\t\t\t\t<\/div>\n\n\t\t\t\t\t\t<\/div>\n\t\t\t\t<div class=\"elementor-element elementor-element-4c80204 elementor-widget elementor-widget-text-editor\" data-id=\"4c80204\" data-element_type=\"widget\" data-e-type=\"widget\" data-widget_type=\"text-editor.default\">\n\t\t\t\t\t\t\t\t\t<p style=\"text-align: justify;\">Si vous portez des lunettes \u00e0 verres progressifs, vous souhaitez suivre les derni\u00e8res tendances ?<\/p><p style=\"text-align: justify;\">Vous envisagez de changer votre image et de trouver une paire de lunettes bon march\u00e9, de qualit\u00e9 et moderne ? Nous avons votre promotion :<\/p>\t\t\t\t\t\t\t\t<\/div>\n\t\t\t\t<div class=\"elementor-element elementor-element-804486c elementor-widget elementor-widget-text-editor\" data-id=\"804486c\" data-element_type=\"widget\" data-e-type=\"widget\" data-widget_type=\"text-editor.default\">\n\t\t\t\t\t\t\t\t\t<p style=\"text-align: center;\">Monture de marque italienne avec verres progressifs Kodak avec traitement antireflet et tous les autres verres de la marque Kodak. <b>299\u20ac<\/b><\/p>\t\t\t\t\t\t\t\t<\/div>\n\t\t\t\t<div class=\"elementor-element elementor-element-99cb6df elementor-widget-divider--view-line elementor-widget elementor-widget-divider\" data-id=\"99cb6df\" data-element_type=\"widget\" data-e-type=\"widget\" data-widget_type=\"divider.default\">\n\t\t\t\t\t\t\t<div class=\"elementor-divider\">\n\t\t\t<span class=\"elementor-divider-separator\">\n\t\t\t\t\t\t<\/span>\n\t\t<\/div>\n\t\t\t\t\t\t<\/div>\n\t\t\t\t\t<\/div>\n\t\t<\/div>\n\t\t\t\t\t<\/div>\n\t\t<\/section>\n\t\t\t\t<section class=\"elementor-section elementor-top-section elementor-element elementor-element-b6df03e elementor-section-full_width elementor-section-height-default elementor-section-height-default\" data-id=\"b6df03e\" data-element_type=\"section\" data-e-type=\"section\">\n\t\t\t\t\t\t<div class=\"elementor-container elementor-column-gap-default\">\n\t\t\t\t\t<div class=\"elementor-column elementor-col-100 elementor-top-column elementor-element elementor-element-ac53970\" data-id=\"ac53970\" data-element_type=\"column\" data-e-type=\"column\">\n\t\t\t<div class=\"elementor-widget-wrap elementor-element-populated\">\n\t\t\t\t\t\t<div class=\"elementor-element elementor-element-9e10b5c elementor-widget elementor-widget-premium-addon-banner\" data-id=\"9e10b5c\" data-element_type=\"widget\" data-e-type=\"widget\" data-widget_type=\"premium-addon-banner.default\">\n\t\t\t\t\t\t\t<div class=\"premium-banner-ib premium-banner-min-height premium-banner-animation1 none premium-banner__effect-type2\">\n\t\t\t\t\t\t\t\t\t\t<img decoding=\"async\" width=\"900\" height=\"319\" src=\"https:\/\/www.opticagracia.com\/wp-content\/uploads\/2023\/02\/Optica-Gracia-Palafrugell-Platja-DAro-Promocio-Muntura-Vidres.jpg\" class=\"attachment-full size-full wp-image-17714\" alt=\"\" srcset=\"https:\/\/www.opticagracia.com\/wp-content\/uploads\/2023\/02\/Optica-Gracia-Palafrugell-Platja-DAro-Promocio-Muntura-Vidres.jpg 900w, https:\/\/www.opticagracia.com\/wp-content\/uploads\/2023\/02\/Optica-Gracia-Palafrugell-Platja-DAro-Promocio-Muntura-Vidres-650x230.jpg 650w, https:\/\/www.opticagracia.com\/wp-content\/uploads\/2023\/02\/Optica-Gracia-Palafrugell-Platja-DAro-Promocio-Muntura-Vidres-100x35.jpg 100w, https:\/\/www.opticagracia.com\/wp-content\/uploads\/2023\/02\/Optica-Gracia-Palafrugell-Platja-DAro-Promocio-Muntura-Vidres-768x272.jpg 768w, https:\/\/www.opticagracia.com\/wp-content\/uploads\/2023\/02\/Optica-Gracia-Palafrugell-Platja-DAro-Promocio-Muntura-Vidres-500x177.jpg 500w\" sizes=\"(max-width: 900px) 100vw, 900px\" \/>\t\t\t\t\t\t\t\t\t<div class=\"premium-banner-ib-desc\">\n\t\t\t\t\n\t\t\t\t\n\t\t\t\t\t\t\t\t\t\t\t\t\t\t<h2 class=\"premium-banner-ib-title premium_banner_title\">\n\t\t\t\t\t\tMonture + Lentilles\t\t\t\t\t<\/h2>\n\t\t\t\t\n\t\t\t\t\t\t\t\t\t<div class=\"premium-banner-ib-content premium_banner_content\">\n\t\t\t\t\t\t<p>Monture de marque italienne + verres antireflets <strong>99\u20ac<\/strong><\/p>\t\t\t\t\t<\/div>\n\t\t\t\t\n\t\t\t\t\n\t\t\t\t\t\t\t<\/div>\n\t\t\t\t\t<\/div>\n\n\t\t\t\t\t\t<\/div>\n\t\t\t\t<div class=\"elementor-element elementor-element-6d90c62 elementor-widget elementor-widget-text-editor\" data-id=\"6d90c62\" data-element_type=\"widget\" data-e-type=\"widget\" data-widget_type=\"text-editor.default\">\n\t\t\t\t\t\t\t\t\t<p>Si vous souhaitez changer votre image, \u00eatre \u00e0 la pointe de la mode et que vous cherchez une paire de lunettes bon march\u00e9, nous avons la promotion qu'il vous faut :<\/p>\t\t\t\t\t\t\t\t<\/div>\n\t\t\t\t<div class=\"elementor-element elementor-element-c5b37cb elementor-widget elementor-widget-text-editor\" data-id=\"c5b37cb\" data-element_type=\"widget\" data-e-type=\"widget\" data-widget_type=\"text-editor.default\">\n\t\t\t\t\t\t\t\t\t<p style=\"text-align: center;\">Monture de marque italienne + verres anti-reflets, tous par <strong>99\u20ac<\/strong><\/p>\t\t\t\t\t\t\t\t<\/div>\n\t\t\t\t<div class=\"elementor-element elementor-element-2cd7a69 elementor-widget-divider--view-line elementor-widget elementor-widget-divider\" data-id=\"2cd7a69\" data-element_type=\"widget\" data-e-type=\"widget\" data-widget_type=\"divider.default\">\n\t\t\t\t\t\t\t<div class=\"elementor-divider\">\n\t\t\t<span class=\"elementor-divider-separator\">\n\t\t\t\t\t\t<\/span>\n\t\t<\/div>\n\t\t\t\t\t\t<\/div>\n\t\t\t\t\t<\/div>\n\t\t<\/div>\n\t\t\t\t\t<\/div>\n\t\t<\/section>\n\t\t\t\t<section class=\"elementor-section elementor-top-section elementor-element elementor-element-490f304 elementor-section-full_width elementor-section-height-default elementor-section-height-default\" data-id=\"490f304\" data-element_type=\"section\" data-e-type=\"section\">\n\t\t\t\t\t\t<div class=\"elementor-container elementor-column-gap-default\">\n\t\t\t\t\t<div class=\"elementor-column elementor-col-100 elementor-top-column elementor-element elementor-element-55d9f3b\" data-id=\"55d9f3b\" data-element_type=\"column\" data-e-type=\"column\">\n\t\t\t<div class=\"elementor-widget-wrap elementor-element-populated\">\n\t\t\t\t\t\t<div class=\"elementor-element elementor-element-335ba9e elementor-widget elementor-widget-premium-addon-banner\" data-id=\"335ba9e\" data-element_type=\"widget\" data-e-type=\"widget\" data-widget_type=\"premium-addon-banner.default\">\n\t\t\t\t\t\t\t<div class=\"premium-banner-ib premium-banner-min-height premium-banner-animation1 none premium-banner__effect-type2\">\n\t\t\t\t\t\t\t\t\t\t<img loading=\"lazy\" decoding=\"async\" width=\"900\" height=\"319\" src=\"https:\/\/www.opticagracia.com\/wp-content\/uploads\/2023\/02\/Optica-Gracia-Palafrugell-Platja-DAro-Promocio-Ulleres-Infantils.jpg\" class=\"attachment-full size-full wp-image-17722\" alt=\"\" srcset=\"https:\/\/www.opticagracia.com\/wp-content\/uploads\/2023\/02\/Optica-Gracia-Palafrugell-Platja-DAro-Promocio-Ulleres-Infantils.jpg 900w, https:\/\/www.opticagracia.com\/wp-content\/uploads\/2023\/02\/Optica-Gracia-Palafrugell-Platja-DAro-Promocio-Ulleres-Infantils-650x230.jpg 650w, https:\/\/www.opticagracia.com\/wp-content\/uploads\/2023\/02\/Optica-Gracia-Palafrugell-Platja-DAro-Promocio-Ulleres-Infantils-100x35.jpg 100w, https:\/\/www.opticagracia.com\/wp-content\/uploads\/2023\/02\/Optica-Gracia-Palafrugell-Platja-DAro-Promocio-Ulleres-Infantils-768x272.jpg 768w, https:\/\/www.opticagracia.com\/wp-content\/uploads\/2023\/02\/Optica-Gracia-Palafrugell-Platja-DAro-Promocio-Ulleres-Infantils-500x177.jpg 500w\" sizes=\"(max-width: 900px) 100vw, 900px\" \/>\t\t\t\t\t\t\t\t\t<div class=\"premium-banner-ib-desc\">\n\t\t\t\t\n\t\t\t\t\n\t\t\t\t\t\t\t\t\t\t\t\t\t\t<h2 class=\"premium-banner-ib-title premium_banner_title\">\n\t\t\t\t\t\tLunettes pour enfants\t\t\t\t\t<\/h2>\n\t\t\t\t\n\t\t\t\t\t\t\t\t\t<div class=\"premium-banner-ib-content premium_banner_content\">\n\t\t\t\t\t\t<p>2\u00d71 sur les verres antireflets !\u00a0<br \/>(Votre deuxi\u00e8me paire de lunettes <strong>Gratuit<\/strong>)<\/p>\t\t\t\t\t<\/div>\n\t\t\t\t\n\t\t\t\t\n\t\t\t\t\t\t\t<\/div>\n\t\t\t\t\t<\/div>\n\n\t\t\t\t\t\t<\/div>\n\t\t\t\t<div class=\"elementor-element elementor-element-4075167 elementor-widget elementor-widget-text-editor\" data-id=\"4075167\" data-element_type=\"widget\" data-e-type=\"widget\" data-widget_type=\"text-editor.default\">\n\t\t\t\t\t\t\t\t\t<p>D\u00e9sormais, pour l'achat de lunettes pour les enfants ou les \u00e9tudiants jusqu'\u00e0 14 ans, nous vous offrons des lentilles gratuites pour votre deuxi\u00e8me paire de lunettes.<\/p>\t\t\t\t\t\t\t\t<\/div>\n\t\t\t\t<div class=\"elementor-element elementor-element-2e0c50b elementor-widget elementor-widget-text-editor\" data-id=\"2e0c50b\" data-element_type=\"widget\" data-e-type=\"widget\" data-widget_type=\"text-editor.default\">\n\t\t\t\t\t\t\t\t\t<p style=\"text-align: center;\">2\u00d71 sur les verres antireflets (votre deuxi\u00e8me paire de lunettes) <strong>Gratuit<\/strong>)<\/p>\t\t\t\t\t\t\t\t<\/div>\n\t\t\t\t<div class=\"elementor-element elementor-element-59a5e13 elementor-widget-divider--view-line elementor-widget elementor-widget-divider\" data-id=\"59a5e13\" data-element_type=\"widget\" data-e-type=\"widget\" data-widget_type=\"divider.default\">\n\t\t\t\t\t\t\t<div class=\"elementor-divider\">\n\t\t\t<span class=\"elementor-divider-separator\">\n\t\t\t\t\t\t<\/span>\n\t\t<\/div>\n\t\t\t\t\t\t<\/div>\n\t\t\t\t\t<\/div>\n\t\t<\/div>\n\t\t\t\t\t<\/div>\n\t\t<\/section>\n\t\t\t\t<section class=\"elementor-section elementor-top-section elementor-element elementor-element-ba9a8a7 elementor-section-full_width elementor-section-height-default elementor-section-height-default\" data-id=\"ba9a8a7\" data-element_type=\"section\" data-e-type=\"section\">\n\t\t\t\t\t\t<div class=\"elementor-container elementor-column-gap-no\">\n\t\t\t\t\t<div class=\"elementor-column elementor-col-100 elementor-top-column elementor-element elementor-element-798be58\" data-id=\"798be58\" data-element_type=\"column\" data-e-type=\"column\">\n\t\t\t<div class=\"elementor-widget-wrap elementor-element-populated\">\n\t\t\t\t\t\t<div class=\"elementor-element elementor-element-e521b43 elementor-widget elementor-widget-heading\" data-id=\"e521b43\" data-element_type=\"widget\" data-e-type=\"widget\" data-widget_type=\"heading.default\">\n\t\t\t\t\t<h2 class=\"elementor-heading-title elementor-size-default\">PRISE<\/h2>\t\t\t\t<\/div>\n\t\t\t\t<div class=\"elementor-element elementor-element-ff81091 elementor-grid-5 elementor-grid-tablet-3 elementor-grid-mobile-2 elementor-products-grid elementor-wc-products elementor-show-pagination-border-yes elementor-widget elementor-widget-woocommerce-products\" data-id=\"ff81091\" data-element_type=\"widget\" data-e-type=\"widget\" data-widget_type=\"woocommerce-products.default\">\n\t\t\t\t<div class=\"elementor-widget-container\">\n\t\t\t\t\t<div class=\"woocommerce columns-5\"><div class=\"woocommerce-notices-wrapper\"><\/div><p class=\"woocommerce-result-count\" role=\"status\" aria-relevant=\"all\" data-is-sorted-by=\"true\">\n\tAffichage de 1&ndash;15 sur 22 r\u00e9sultats<span class=\"screen-reader-text\" data-no-translation=\"\" data-trp-gettext=\"\">Tri\u00e9 du plus r\u00e9cent au plus ancien<\/span><\/p>\n<form class=\"woocommerce-ordering\" method=\"get\" action=\"\">\n\t\t<select\n\t\tname=\"orderby\"\n\t\tclass=\"orderby\"\n\t\t\t\t\taria-label=\"Commande\" data-no-translation-aria-label=\"\"\n\t\t\t>\n\t\t\t\t\t<option value=\"popularity\" data-no-translation=\"\" data-trp-gettext=\"\" >Tri par popularit\u00e9<\/option>\n\t\t\t\t\t<option value=\"date\"  selected='selected' data-no-translation=\"\" data-trp-gettext=\"\">Tri du plus r\u00e9cent au plus ancien<\/option>\n\t\t\t\t\t<option value=\"price\" data-no-translation=\"\" data-trp-gettext=\"\" >Tri par tarif croissant<\/option>\n\t\t\t\t\t<option value=\"price-desc\" data-no-translation=\"\" data-trp-gettext=\"\" >Tri par tarif d\u00e9croissant<\/option>\n\t\t\t\t\t<option value=\"alphabetical\" >Trier par nom : par ordre alphab\u00e9tique<\/option>\n\t\t\t<\/select>\n\t<input type=\"hidden\" name=\"paged\" value=\"1\" \/>\n\t<input type=\"hidden\" name=\"trp-form-language\" value=\"fr\"\/><\/form>\n<ul class=\"products elementor-grid columns-5\">\n<li class=\"product type-product post-17877 status-publish first instock product_cat-gafas-de-sol product_tag-outlet has-post-thumbnail sale taxable shipping-taxable purchasable product-type-simple\">\n\t<a href=\"https:\/\/www.opticagracia.com\/fr\/producto\/gafas-de-sol-ray-ban-3548n-9123-3m\/\" class=\"woocommerce-LoopProduct-link woocommerce-loop-product__link\">\r\n\t\t<span class=\"e33-producto-oferta\">\r\n\t\t\tOffre\r\n\t\t<\/span>\r\n\r\n\t\t\r\n\t\t<img\r\n\t\t\tclass=\"e33-product-image-hover\"\r\n\t\t\tsrc=\"https:\/\/www.opticagracia.com\/wp-content\/uploads\/2023\/05\/Gafas-sol-Ray-Ban-3548-9123-3M-opticagracia.es_2-400x200.jpg\"\r\n\t\t\talt=\"\"\r\n\t\t\tloading=\"lazy\"\r\n\t\t\taria-hidden=\"true\"\r\n\t\t>\r\n\r\n\t\t\n\t<span class=\"onsale\" data-no-translation=\"\" data-trp-gettext=\"\">Promo\u00a0!<\/span>\n\t<img loading=\"lazy\" decoding=\"async\" width=\"400\" height=\"200\" src=\"https:\/\/www.opticagracia.com\/wp-content\/uploads\/2023\/05\/Gafas-sol-Ray-Ban-3548-9123-3M-opticagracia.es_1-400x200.jpg\" class=\"attachment-woocommerce_thumbnail size-woocommerce_thumbnail\" alt=\"Gafas-sol-Ray-Ban-3548-9123-3M-opticagracia.es\" \/><h2 class=\"woocommerce-loop-product__title\">Lunettes de soleil Ray Ban 3548N 9123\/3M XL<\/h2>\n\t<span class=\"price\"><del aria-hidden=\"true\"><span class=\"woocommerce-Price-amount amount\"><bdi>159,00<span class=\"woocommerce-Price-currencySymbol\" translate=\"no\">\u20ac<\/span><\/bdi><\/span><\/del> <span class=\"screen-reader-text\" data-no-translation=\"\" data-trp-gettext=\"\">El precio original era: 159,00&euro;.<\/span><ins aria-hidden=\"true\"><span class=\"woocommerce-Price-amount amount\"><bdi>135,00<span class=\"woocommerce-Price-currencySymbol\" translate=\"no\">\u20ac<\/span><\/bdi><\/span><\/ins><span class=\"screen-reader-text\" data-no-translation=\"\" data-trp-gettext=\"\">El precio actual es: 135,00&euro;.<\/span><\/span>\n<\/a><a href=\"\/fr\/wp-json\/wp\/v2\/pages\/4033?add-to-cart=17877\" aria-describedby=\"woocommerce_loop_add_to_cart_link_describedby_17877\" data-quantity=\"1\" class=\"button product_type_simple add_to_cart_button ajax_add_to_cart\" data-product_id=\"17877\" data-product_sku=\"\" aria-label=\"A\u00f1adir al carrito: \u201cGafas de sol Ray Ban 3548N 9123\/3M XL\u201d\" rel=\"nofollow\" data-success_message=\"\u00ab\u00a0Gafas de sol Ray Ban 3548N 9123\/3M XL\u00a0\u00bb a \u00e9t\u00e9 ajout\u00e9 \u00e0 votre panier\" data-no-translation-aria-label=\"\" data-no-translation-data-success_message=\"\">Acheter<\/a>\t<span id=\"woocommerce_loop_add_to_cart_link_describedby_17877\" class=\"screen-reader-text\">\n\t\t\t<\/span>\n<\/li>\n<li class=\"product type-product post-17264 status-publish instock product_cat-gafas-de-sol product_tag-outlet has-post-thumbnail sale taxable shipping-taxable purchasable product-type-simple\">\n\t<a href=\"https:\/\/www.opticagracia.com\/fr\/producto\/gafas-de-sol-philipp-plein-029-0568\/\" class=\"woocommerce-LoopProduct-link woocommerce-loop-product__link\">\r\n\t\t<span class=\"e33-producto-oferta\">\r\n\t\t\tOffre\r\n\t\t<\/span>\r\n\r\n\t\t\r\n\t\t<img\r\n\t\t\tclass=\"e33-product-image-hover\"\r\n\t\t\tsrc=\"https:\/\/www.opticagracia.com\/wp-content\/uploads\/2022\/12\/Gafas-de-sol-Philipp-Plein-029-0568-opticagracia.es_2-400x200.jpg\"\r\n\t\t\talt=\"\"\r\n\t\t\tloading=\"lazy\"\r\n\t\t\taria-hidden=\"true\"\r\n\t\t>\r\n\r\n\t\t\n\t<span class=\"onsale\" data-no-translation=\"\" data-trp-gettext=\"\">Promo\u00a0!<\/span>\n\t<img loading=\"lazy\" decoding=\"async\" width=\"400\" height=\"200\" src=\"https:\/\/www.opticagracia.com\/wp-content\/uploads\/2022\/12\/Gafas-de-sol-Philipp-Plein-029-0568-opticagracia.es_1-400x200.jpg\" class=\"attachment-woocommerce_thumbnail size-woocommerce_thumbnail\" alt=\"Lunettes de soleil-Philipp-Plein-029-0568-opticagracia.co.uk\" \/><h2 class=\"woocommerce-loop-product__title\">Philipp Plein 029 0568 Lunettes de soleil<\/h2>\n\t<span class=\"price\"><del aria-hidden=\"true\"><span class=\"woocommerce-Price-amount amount\"><bdi>479,00<span class=\"woocommerce-Price-currencySymbol\" translate=\"no\">\u20ac<\/span><\/bdi><\/span><\/del> <span class=\"screen-reader-text\" data-no-translation=\"\" data-trp-gettext=\"\">El precio original era: 479,00&euro;.<\/span><ins aria-hidden=\"true\"><span class=\"woocommerce-Price-amount amount\"><bdi>359,00<span class=\"woocommerce-Price-currencySymbol\" translate=\"no\">\u20ac<\/span><\/bdi><\/span><\/ins><span class=\"screen-reader-text\" data-no-translation=\"\" data-trp-gettext=\"\">El precio actual es: 359,00&euro;.<\/span><\/span>\n<\/a><a href=\"\/fr\/wp-json\/wp\/v2\/pages\/4033?add-to-cart=17264\" aria-describedby=\"woocommerce_loop_add_to_cart_link_describedby_17264\" data-quantity=\"1\" class=\"button product_type_simple add_to_cart_button ajax_add_to_cart\" data-product_id=\"17264\" data-product_sku=\"\" aria-label=\"A\u00f1adir al carrito: \u201cGafas de sol Philipp Plein 029 0568\u201d\" rel=\"nofollow\" data-success_message=\"\u00ab\u00a0Gafas de sol Philipp Plein 029 0568\u00a0\u00bb a \u00e9t\u00e9 ajout\u00e9 \u00e0 votre panier\" data-no-translation-aria-label=\"\" data-no-translation-data-success_message=\"\">Acheter<\/a>\t<span id=\"woocommerce_loop_add_to_cart_link_describedby_17264\" class=\"screen-reader-text\">\n\t\t\t<\/span>\n<\/li>\n<li class=\"product type-product post-16535 status-publish instock product_cat-gafas-de-sol product_tag-outlet has-post-thumbnail sale taxable shipping-taxable purchasable product-type-simple\">\n\t<a href=\"https:\/\/www.opticagracia.com\/fr\/producto\/gafas-de-sol-dolce-gabbana-4401\/\" class=\"woocommerce-LoopProduct-link woocommerce-loop-product__link\">\r\n\t\t<span class=\"e33-producto-oferta\">\r\n\t\t\tOffre\r\n\t\t<\/span>\r\n\r\n\t\t\n\t<span class=\"onsale\" data-no-translation=\"\" data-trp-gettext=\"\">Promo\u00a0!<\/span>\n\t<img loading=\"lazy\" decoding=\"async\" width=\"400\" height=\"200\" src=\"https:\/\/www.opticagracia.com\/wp-content\/uploads\/2022\/04\/Gafas-de-sol-Dolce-Gabanna-4401-50187-400x200.jpg\" class=\"attachment-woocommerce_thumbnail size-woocommerce_thumbnail\" alt=\"Lunettes de soleil Dolce Gabanna 4401 50187\" \/><h2 class=\"woocommerce-loop-product__title\">Lunettes de soleil Dolce Gabbana 4401<\/h2>\n\t<span class=\"price\"><del aria-hidden=\"true\"><span class=\"woocommerce-Price-amount amount\"><bdi>269,00<span class=\"woocommerce-Price-currencySymbol\" translate=\"no\">\u20ac<\/span><\/bdi><\/span><\/del> <span class=\"screen-reader-text\" data-no-translation=\"\" data-trp-gettext=\"\">El precio original era: 269,00&euro;.<\/span><ins aria-hidden=\"true\"><span class=\"woocommerce-Price-amount amount\"><bdi>196,00<span class=\"woocommerce-Price-currencySymbol\" translate=\"no\">\u20ac<\/span><\/bdi><\/span><\/ins><span class=\"screen-reader-text\" data-no-translation=\"\" data-trp-gettext=\"\">El precio actual es: 196,00&euro;.<\/span><\/span>\n<\/a><a href=\"\/fr\/wp-json\/wp\/v2\/pages\/4033?add-to-cart=16535\" aria-describedby=\"woocommerce_loop_add_to_cart_link_describedby_16535\" data-quantity=\"1\" class=\"button product_type_simple add_to_cart_button ajax_add_to_cart\" data-product_id=\"16535\" data-product_sku=\"\" aria-label=\"A\u00f1adir al carrito: \u201cGafas de sol Dolce Gabbana 4401\u201d\" rel=\"nofollow\" data-success_message=\"\u00ab\u00a0Gafas de sol Dolce Gabbana 4401\u00a0\u00bb a \u00e9t\u00e9 ajout\u00e9 \u00e0 votre panier\" data-no-translation-aria-label=\"\" data-no-translation-data-success_message=\"\">Acheter<\/a>\t<span id=\"woocommerce_loop_add_to_cart_link_describedby_16535\" class=\"screen-reader-text\">\n\t\t\t<\/span>\n<\/li>\n<li class=\"product type-product post-10649 status-publish instock product_cat-gafas-de-sol product_tag-outlet has-post-thumbnail sale taxable shipping-taxable purchasable product-type-simple\">\n\t<a href=\"https:\/\/www.opticagracia.com\/fr\/producto\/rayban-3647-001-4o\/\" class=\"woocommerce-LoopProduct-link woocommerce-loop-product__link\">\r\n\t\t<span class=\"e33-producto-oferta\">\r\n\t\t\tOffre\r\n\t\t<\/span>\r\n\r\n\t\t\n\t<span class=\"onsale\" data-no-translation=\"\" data-trp-gettext=\"\">Promo\u00a0!<\/span>\n\t<img loading=\"lazy\" decoding=\"async\" width=\"400\" height=\"200\" src=\"https:\/\/www.opticagracia.com\/wp-content\/uploads\/2019\/09\/Gafas-Ray-Ban-3647-0014O-opticagracia.es_-e1591887214431-400x200.png\" class=\"attachment-woocommerce_thumbnail size-woocommerce_thumbnail\" alt=\"Lunettes Ray Ban 3647 0014O opticagracia.co.uk\" \/><h2 class=\"woocommerce-loop-product__title\">Lunettes de soleil RayBan 3647 001-4O<\/h2>\n\t<span class=\"price\"><del aria-hidden=\"true\"><span class=\"woocommerce-Price-amount amount\"><bdi>169,00<span class=\"woocommerce-Price-currencySymbol\" translate=\"no\">\u20ac<\/span><\/bdi><\/span><\/del> <span class=\"screen-reader-text\" data-no-translation=\"\" data-trp-gettext=\"\">El precio original era: 169,00&euro;.<\/span><ins aria-hidden=\"true\"><span class=\"woocommerce-Price-amount amount\"><bdi>135,00<span class=\"woocommerce-Price-currencySymbol\" translate=\"no\">\u20ac<\/span><\/bdi><\/span><\/ins><span class=\"screen-reader-text\" data-no-translation=\"\" data-trp-gettext=\"\">El precio actual es: 135,00&euro;.<\/span><\/span>\n<\/a><a href=\"\/fr\/wp-json\/wp\/v2\/pages\/4033?add-to-cart=10649\" aria-describedby=\"woocommerce_loop_add_to_cart_link_describedby_10649\" data-quantity=\"1\" class=\"button product_type_simple add_to_cart_button ajax_add_to_cart\" data-product_id=\"10649\" data-product_sku=\"\" aria-label=\"A\u00f1adir al carrito: \u201cGafas de sol RayBan 3647 001-4O\u201d\" rel=\"nofollow\" data-success_message=\"\u00ab\u00a0Gafas de sol RayBan 3647 001-4O\u00a0\u00bb a \u00e9t\u00e9 ajout\u00e9 \u00e0 votre panier\" data-no-translation-aria-label=\"\" data-no-translation-data-success_message=\"\">Acheter<\/a>\t<span id=\"woocommerce_loop_add_to_cart_link_describedby_10649\" class=\"screen-reader-text\">\n\t\t\t<\/span>\n<\/li>\n<li class=\"product type-product post-9106 status-publish last instock product_cat-gafas-de-sol product_tag-outlet has-post-thumbnail sale taxable shipping-taxable purchasable product-type-simple\">\n\t<a href=\"https:\/\/www.opticagracia.com\/fr\/producto\/gafas-rayban-3647n-90683f-blue-gr\/\" class=\"woocommerce-LoopProduct-link woocommerce-loop-product__link\">\r\n\t\t<span class=\"e33-producto-oferta\">\r\n\t\t\tOffre\r\n\t\t<\/span>\r\n\r\n\t\t\n\t<span class=\"onsale\" data-no-translation=\"\" data-trp-gettext=\"\">Promo\u00a0!<\/span>\n\t<img loading=\"lazy\" decoding=\"async\" width=\"400\" height=\"200\" src=\"https:\/\/www.opticagracia.com\/wp-content\/uploads\/2018\/12\/Gafas-Ray-Ban-3647-90683F-opticagracia.es_-400x200.png\" class=\"attachment-woocommerce_thumbnail size-woocommerce_thumbnail\" alt=\"Lunettes Ray Ban 3647 90683F opticagracia.co.uk\" srcset=\"https:\/\/www.opticagracia.com\/wp-content\/uploads\/2018\/12\/Gafas-Ray-Ban-3647-90683F-opticagracia.es_-400x200.png 400w, https:\/\/www.opticagracia.com\/wp-content\/uploads\/2018\/12\/Gafas-Ray-Ban-3647-90683F-opticagracia.es_-100x49.png 100w\" sizes=\"(max-width: 400px) 100vw, 400px\" \/><h2 class=\"woocommerce-loop-product__title\">Lunettes de soleil RayBan 3647 90683F<\/h2>\n\t<span class=\"price\"><del aria-hidden=\"true\"><span class=\"woocommerce-Price-amount amount\"><bdi>169,00<span class=\"woocommerce-Price-currencySymbol\" translate=\"no\">\u20ac<\/span><\/bdi><\/span><\/del> <span class=\"screen-reader-text\" data-no-translation=\"\" data-trp-gettext=\"\">El precio original era: 169,00&euro;.<\/span><ins aria-hidden=\"true\"><span class=\"woocommerce-Price-amount amount\"><bdi>135,00<span class=\"woocommerce-Price-currencySymbol\" translate=\"no\">\u20ac<\/span><\/bdi><\/span><\/ins><span class=\"screen-reader-text\" data-no-translation=\"\" data-trp-gettext=\"\">El precio actual es: 135,00&euro;.<\/span><\/span>\n<\/a><a href=\"\/fr\/wp-json\/wp\/v2\/pages\/4033?add-to-cart=9106\" aria-describedby=\"woocommerce_loop_add_to_cart_link_describedby_9106\" data-quantity=\"1\" class=\"button product_type_simple add_to_cart_button ajax_add_to_cart\" data-product_id=\"9106\" data-product_sku=\"\" aria-label=\"A\u00f1adir al carrito: \u201cGafas de sol RayBan 3647 90683F\u201d\" rel=\"nofollow\" data-success_message=\"\u00ab\u00a0Gafas de sol RayBan 3647 90683F\u00a0\u00bb a \u00e9t\u00e9 ajout\u00e9 \u00e0 votre panier\" data-no-translation-aria-label=\"\" data-no-translation-data-success_message=\"\">Acheter<\/a>\t<span id=\"woocommerce_loop_add_to_cart_link_describedby_9106\" class=\"screen-reader-text\">\n\t\t\t<\/span>\n<\/li>\n<li class=\"product type-product post-9102 status-publish first instock product_cat-gafas-de-sol product_tag-outlet has-post-thumbnail sale taxable shipping-taxable purchasable product-type-simple\">\n\t<a href=\"https:\/\/www.opticagracia.com\/fr\/producto\/gafas-rayban-3647n-9069a5-pink\/\" class=\"woocommerce-LoopProduct-link woocommerce-loop-product__link\">\r\n\t\t<span class=\"e33-producto-oferta\">\r\n\t\t\tOffre\r\n\t\t<\/span>\r\n\r\n\t\t\n\t<span class=\"onsale\" data-no-translation=\"\" data-trp-gettext=\"\">Promo\u00a0!<\/span>\n\t<img loading=\"lazy\" decoding=\"async\" width=\"400\" height=\"200\" src=\"https:\/\/www.opticagracia.com\/wp-content\/uploads\/2018\/12\/Gafas-Ray-Ban-3647-9069A5-opticagracia.es_-400x200.png\" class=\"attachment-woocommerce_thumbnail size-woocommerce_thumbnail\" alt=\"Lunettes Ray Ban 3647 9069A5 opticagracia.co.uk\" srcset=\"https:\/\/www.opticagracia.com\/wp-content\/uploads\/2018\/12\/Gafas-Ray-Ban-3647-9069A5-opticagracia.es_-400x200.png 400w, https:\/\/www.opticagracia.com\/wp-content\/uploads\/2018\/12\/Gafas-Ray-Ban-3647-9069A5-opticagracia.es_-500x250.png 500w, https:\/\/www.opticagracia.com\/wp-content\/uploads\/2018\/12\/Gafas-Ray-Ban-3647-9069A5-opticagracia.es_-650x325.png 650w, https:\/\/www.opticagracia.com\/wp-content\/uploads\/2018\/12\/Gafas-Ray-Ban-3647-9069A5-opticagracia.es_-100x50.png 100w, https:\/\/www.opticagracia.com\/wp-content\/uploads\/2018\/12\/Gafas-Ray-Ban-3647-9069A5-opticagracia.es_-768x384.png 768w, https:\/\/www.opticagracia.com\/wp-content\/uploads\/2018\/12\/Gafas-Ray-Ban-3647-9069A5-opticagracia.es_.png 875w\" sizes=\"(max-width: 400px) 100vw, 400px\" \/><h2 class=\"woocommerce-loop-product__title\">Lunettes de soleil RayBan 3647 9069A5<\/h2>\n\t<span class=\"price\"><del aria-hidden=\"true\"><span class=\"woocommerce-Price-amount amount\"><bdi>169,00<span class=\"woocommerce-Price-currencySymbol\" translate=\"no\">\u20ac<\/span><\/bdi><\/span><\/del> <span class=\"screen-reader-text\" data-no-translation=\"\" data-trp-gettext=\"\">El precio original era: 169,00&euro;.<\/span><ins aria-hidden=\"true\"><span class=\"woocommerce-Price-amount amount\"><bdi>135,00<span class=\"woocommerce-Price-currencySymbol\" translate=\"no\">\u20ac<\/span><\/bdi><\/span><\/ins><span class=\"screen-reader-text\" data-no-translation=\"\" data-trp-gettext=\"\">El precio actual es: 135,00&euro;.<\/span><\/span>\n<\/a><a href=\"\/fr\/wp-json\/wp\/v2\/pages\/4033?add-to-cart=9102\" aria-describedby=\"woocommerce_loop_add_to_cart_link_describedby_9102\" data-quantity=\"1\" class=\"button product_type_simple add_to_cart_button ajax_add_to_cart\" data-product_id=\"9102\" data-product_sku=\"\" aria-label=\"A\u00f1adir al carrito: \u201cGafas de sol RayBan 3647 9069A5\u201d\" rel=\"nofollow\" data-success_message=\"\u00ab\u00a0Gafas de sol RayBan 3647 9069A5\u00a0\u00bb a \u00e9t\u00e9 ajout\u00e9 \u00e0 votre panier\" data-no-translation-aria-label=\"\" data-no-translation-data-success_message=\"\">Acheter<\/a>\t<span id=\"woocommerce_loop_add_to_cart_link_describedby_9102\" class=\"screen-reader-text\">\n\t\t\t<\/span>\n<\/li>\n<li class=\"product type-product post-8915 status-publish instock product_cat-gafas-de-sol product_tag-outlet has-post-thumbnail sale taxable shipping-taxable purchasable product-type-simple\">\n\t<a href=\"https:\/\/www.opticagracia.com\/fr\/producto\/miu-miu-59ts-ki6-3o1\/\" class=\"woocommerce-LoopProduct-link woocommerce-loop-product__link\">\r\n\t\t<span class=\"e33-producto-oferta\">\r\n\t\t\tOffre\r\n\t\t<\/span>\r\n\r\n\t\t\n\t<span class=\"onsale\" data-no-translation=\"\" data-trp-gettext=\"\">Promo\u00a0!<\/span>\n\t<img loading=\"lazy\" decoding=\"async\" width=\"200\" height=\"97\" src=\"https:\/\/www.opticagracia.com\/wp-content\/uploads\/2018\/08\/gafas-miu-miu-59TS-KI6-3O1-e1535653722272.jpg\" class=\"attachment-woocommerce_thumbnail size-woocommerce_thumbnail\" alt=\"Lunettes de soleil Miu Miu 59TS KI6-3O1\" \/><h2 class=\"woocommerce-loop-product__title\">Lunettes de soleil Miu Miu 59TS KI6-3O1<\/h2>\n\t<span class=\"price\"><del aria-hidden=\"true\"><span class=\"woocommerce-Price-amount amount\"><bdi>319,00<span class=\"woocommerce-Price-currencySymbol\" translate=\"no\">\u20ac<\/span><\/bdi><\/span><\/del> <span class=\"screen-reader-text\" data-no-translation=\"\" data-trp-gettext=\"\">El precio original era: 319,00&euro;.<\/span><ins aria-hidden=\"true\"><span class=\"woocommerce-Price-amount amount\"><bdi>220,00<span class=\"woocommerce-Price-currencySymbol\" translate=\"no\">\u20ac<\/span><\/bdi><\/span><\/ins><span class=\"screen-reader-text\" data-no-translation=\"\" data-trp-gettext=\"\">El precio actual es: 220,00&euro;.<\/span><\/span>\n<\/a><a href=\"\/fr\/wp-json\/wp\/v2\/pages\/4033?add-to-cart=8915\" aria-describedby=\"woocommerce_loop_add_to_cart_link_describedby_8915\" data-quantity=\"1\" class=\"button product_type_simple add_to_cart_button ajax_add_to_cart\" data-product_id=\"8915\" data-product_sku=\"\" aria-label=\"A\u00f1adir al carrito: \u201cGafas de sol Miu Miu 59TS KI6-3O1\u201d\" rel=\"nofollow\" data-success_message=\"\u00ab\u00a0Gafas de sol Miu Miu 59TS KI6-3O1\u00a0\u00bb a \u00e9t\u00e9 ajout\u00e9 \u00e0 votre panier\" data-no-translation-aria-label=\"\" data-no-translation-data-success_message=\"\">Acheter<\/a>\t<span id=\"woocommerce_loop_add_to_cart_link_describedby_8915\" class=\"screen-reader-text\">\n\t\t\t<\/span>\n<\/li>\n<li class=\"product type-product post-5845 status-publish instock product_cat-gafas-de-sol product_tag-outlet has-post-thumbnail sale taxable shipping-taxable purchasable product-type-simple\">\n\t<a href=\"https:\/\/www.opticagracia.com\/fr\/producto\/ray-ban-3546-900985\/\" class=\"woocommerce-LoopProduct-link woocommerce-loop-product__link\">\r\n\t\t<span class=\"e33-producto-oferta\">\r\n\t\t\tOffre\r\n\t\t<\/span>\r\n\r\n\t\t\n\t<span class=\"onsale\" data-no-translation=\"\" data-trp-gettext=\"\">Promo\u00a0!<\/span>\n\t<img loading=\"lazy\" decoding=\"async\" width=\"200\" height=\"92\" src=\"https:\/\/www.opticagracia.com\/wp-content\/uploads\/2018\/04\/3546-900985-e1527161939650.jpg\" class=\"attachment-woocommerce_thumbnail size-woocommerce_thumbnail\" alt=\"Lunettes de soleil Ray-Ban 3546 900985\" \/><h2 class=\"woocommerce-loop-product__title\">Lunettes de soleil Ray-Ban 3546 900985<\/h2>\n\t<span class=\"price\"><del aria-hidden=\"true\"><span class=\"woocommerce-Price-amount amount\"><bdi>165,00<span class=\"woocommerce-Price-currencySymbol\" translate=\"no\">\u20ac<\/span><\/bdi><\/span><\/del> <span class=\"screen-reader-text\" data-no-translation=\"\" data-trp-gettext=\"\">El precio original era: 165,00&euro;.<\/span><ins aria-hidden=\"true\"><span class=\"woocommerce-Price-amount amount\"><bdi>145,00<span class=\"woocommerce-Price-currencySymbol\" translate=\"no\">\u20ac<\/span><\/bdi><\/span><\/ins><span class=\"screen-reader-text\" data-no-translation=\"\" data-trp-gettext=\"\">El precio actual es: 145,00&euro;.<\/span><\/span>\n<\/a><a href=\"\/fr\/wp-json\/wp\/v2\/pages\/4033?add-to-cart=5845\" aria-describedby=\"woocommerce_loop_add_to_cart_link_describedby_5845\" data-quantity=\"1\" class=\"button product_type_simple add_to_cart_button ajax_add_to_cart\" data-product_id=\"5845\" data-product_sku=\"\" aria-label=\"A\u00f1adir al carrito: \u201cGafas de sol Ray-Ban 3546 900985\u201d\" rel=\"nofollow\" data-success_message=\"\u00ab\u00a0Gafas de sol Ray-Ban 3546 900985\u00a0\u00bb a \u00e9t\u00e9 ajout\u00e9 \u00e0 votre panier\" data-no-translation-aria-label=\"\" data-no-translation-data-success_message=\"\">Acheter<\/a>\t<span id=\"woocommerce_loop_add_to_cart_link_describedby_5845\" class=\"screen-reader-text\">\n\t\t\t<\/span>\n<\/li>\n<li class=\"product type-product post-5802 status-publish instock product_cat-gafas-de-sol product_tag-outlet has-post-thumbnail sale taxable shipping-taxable purchasable product-type-simple\">\n\t<a href=\"https:\/\/www.opticagracia.com\/fr\/producto\/ray-ban-3546-187-71\/\" class=\"woocommerce-LoopProduct-link woocommerce-loop-product__link\">\r\n\t\t<span class=\"e33-producto-oferta\">\r\n\t\t\tOffre\r\n\t\t<\/span>\r\n\r\n\t\t\n\t<span class=\"onsale\" data-no-translation=\"\" data-trp-gettext=\"\">Promo\u00a0!<\/span>\n\t<img loading=\"lazy\" decoding=\"async\" width=\"200\" height=\"92\" src=\"https:\/\/www.opticagracia.com\/wp-content\/uploads\/2018\/04\/3546-187-71-e1527161964834.jpg\" class=\"attachment-woocommerce_thumbnail size-woocommerce_thumbnail\" alt=\"Lunettes de soleil Ray-Ban 3546 187\/71\" \/><h2 class=\"woocommerce-loop-product__title\">Lunettes de soleil Ray-Ban 3546 187\/71<\/h2>\n\t<span class=\"price\"><del aria-hidden=\"true\"><span class=\"woocommerce-Price-amount amount\"><bdi>165,00<span class=\"woocommerce-Price-currencySymbol\" translate=\"no\">\u20ac<\/span><\/bdi><\/span><\/del> <span class=\"screen-reader-text\" data-no-translation=\"\" data-trp-gettext=\"\">El precio original era: 165,00&euro;.<\/span><ins aria-hidden=\"true\"><span class=\"woocommerce-Price-amount amount\"><bdi>145,00<span class=\"woocommerce-Price-currencySymbol\" translate=\"no\">\u20ac<\/span><\/bdi><\/span><\/ins><span class=\"screen-reader-text\" data-no-translation=\"\" data-trp-gettext=\"\">El precio actual es: 145,00&euro;.<\/span><\/span>\n<\/a><a href=\"\/fr\/wp-json\/wp\/v2\/pages\/4033?add-to-cart=5802\" aria-describedby=\"woocommerce_loop_add_to_cart_link_describedby_5802\" data-quantity=\"1\" class=\"button product_type_simple add_to_cart_button ajax_add_to_cart\" data-product_id=\"5802\" data-product_sku=\"\" aria-label=\"A\u00f1adir al carrito: \u201cGafas de sol Ray-Ban 3546 187\/71\u201d\" rel=\"nofollow\" data-success_message=\"\u00ab\u00a0Gafas de sol Ray-Ban 3546 187\/71\u00a0\u00bb a \u00e9t\u00e9 ajout\u00e9 \u00e0 votre panier\" data-no-translation-aria-label=\"\" data-no-translation-data-success_message=\"\">Acheter<\/a>\t<span id=\"woocommerce_loop_add_to_cart_link_describedby_5802\" class=\"screen-reader-text\">\n\t\t\t<\/span>\n<\/li>\n<li class=\"product type-product post-5392 status-publish last outofstock product_cat-gafas-de-sol product_tag-outlet has-post-thumbnail sale taxable shipping-taxable purchasable product-type-simple\">\n\t<a href=\"https:\/\/www.opticagracia.com\/fr\/producto\/emporio-armani-4109-5017-81\/\" class=\"woocommerce-LoopProduct-link woocommerce-loop-product__link\">\r\n\t\t<span class=\"e33-producto-agotado\">\r\n\t\t\tEn rupture de stock\r\n\t\t<\/span>\r\n\r\n\t\t\n\t<span class=\"onsale\" data-no-translation=\"\" data-trp-gettext=\"\">Promo\u00a0!<\/span>\n\t<img loading=\"lazy\" decoding=\"async\" width=\"200\" height=\"97\" src=\"https:\/\/www.opticagracia.com\/wp-content\/uploads\/2018\/03\/4109-5017-81-e1527173490972.jpg\" class=\"attachment-woocommerce_thumbnail size-woocommerce_thumbnail\" alt=\"Lunettes de soleil Emporio Armani 4109 5017\/81\" \/><h2 class=\"woocommerce-loop-product__title\">Lunettes de soleil Emporio Armani 4109 5017\/81<\/h2>\n\t<span class=\"price\"><del aria-hidden=\"true\"><span class=\"woocommerce-Price-amount amount\"><bdi>175,00<span class=\"woocommerce-Price-currencySymbol\" translate=\"no\">\u20ac<\/span><\/bdi><\/span><\/del> <span class=\"screen-reader-text\" data-no-translation=\"\" data-trp-gettext=\"\">El precio original era: 175,00&euro;.<\/span><ins aria-hidden=\"true\"><span class=\"woocommerce-Price-amount amount\"><bdi>159,00<span class=\"woocommerce-Price-currencySymbol\" translate=\"no\">\u20ac<\/span><\/bdi><\/span><\/ins><span class=\"screen-reader-text\" data-no-translation=\"\" data-trp-gettext=\"\">El precio actual es: 159,00&euro;.<\/span><\/span>\n<\/a><a href=\"https:\/\/www.opticagracia.com\/fr\/producto\/emporio-armani-4109-5017-81\/\" aria-describedby=\"woocommerce_loop_add_to_cart_link_describedby_5392\" data-quantity=\"1\" class=\"button product_type_simple\" data-product_id=\"5392\" data-product_sku=\"\" aria-label=\"Lee m\u00e1s sobre \u201cGafas de sol Emporio Armani 4109 5017\/81\u201d\" rel=\"nofollow\" data-success_message=\"\" data-no-translation-aria-label=\"\">En savoir plus<\/a>\t<span id=\"woocommerce_loop_add_to_cart_link_describedby_5392\" class=\"screen-reader-text\">\n\t\t\t<\/span>\n<\/li>\n<li class=\"product type-product post-4683 status-publish first instock product_cat-gafas-de-sol product_tag-outlet has-post-thumbnail sale taxable shipping-taxable purchasable product-type-simple\">\n\t<a href=\"https:\/\/www.opticagracia.com\/fr\/producto\/oakley-9444-02-frogskins\/\" class=\"woocommerce-LoopProduct-link woocommerce-loop-product__link\">\r\n\t\t<span class=\"e33-producto-oferta\">\r\n\t\t\tOffre\r\n\t\t<\/span>\r\n\r\n\t\t\n\t<span class=\"onsale\" data-no-translation=\"\" data-trp-gettext=\"\">Promo\u00a0!<\/span>\n\t<img loading=\"lazy\" decoding=\"async\" width=\"400\" height=\"200\" src=\"https:\/\/www.opticagracia.com\/wp-content\/uploads\/2018\/02\/Gafas-de-sol-Oakley-944402-Negro-mate-opticagracia.com_-400x200.jpg\" class=\"attachment-woocommerce_thumbnail size-woocommerce_thumbnail\" alt=\"Lunettes de soleil Oakley 944402 - Matte Black opticagracia.com\" \/><h2 class=\"woocommerce-loop-product__title\">Lunettes de soleil Oakley 9444-02 Frogskins Matte Black<\/h2>\n\t<span class=\"price\"><del aria-hidden=\"true\"><span class=\"woocommerce-Price-amount amount\"><bdi>135,00<span class=\"woocommerce-Price-currencySymbol\" translate=\"no\">\u20ac<\/span><\/bdi><\/span><\/del> <span class=\"screen-reader-text\" data-no-translation=\"\" data-trp-gettext=\"\">El precio original era: 135,00&euro;.<\/span><ins aria-hidden=\"true\"><span class=\"woocommerce-Price-amount amount\"><bdi>109,00<span class=\"woocommerce-Price-currencySymbol\" translate=\"no\">\u20ac<\/span><\/bdi><\/span><\/ins><span class=\"screen-reader-text\" data-no-translation=\"\" data-trp-gettext=\"\">El precio actual es: 109,00&euro;.<\/span><\/span>\n<\/a><a href=\"\/fr\/wp-json\/wp\/v2\/pages\/4033?add-to-cart=4683\" aria-describedby=\"woocommerce_loop_add_to_cart_link_describedby_4683\" data-quantity=\"1\" class=\"button product_type_simple add_to_cart_button ajax_add_to_cart\" data-product_id=\"4683\" data-product_sku=\"\" aria-label=\"A\u00f1adir al carrito: \u201cGafas de sol Oakley 9444-02 Frogskins  Negro mate\u201d\" rel=\"nofollow\" data-success_message=\"\u00ab\u00a0Gafas de sol Oakley 9444-02 Frogskins  Negro mate\u00a0\u00bb a \u00e9t\u00e9 ajout\u00e9 \u00e0 votre panier\" data-no-translation-aria-label=\"\" data-no-translation-data-success_message=\"\">Acheter<\/a>\t<span id=\"woocommerce_loop_add_to_cart_link_describedby_4683\" class=\"screen-reader-text\">\n\t\t\t<\/span>\n<\/li>\n<li class=\"product type-product post-4660 status-publish outofstock product_cat-gafas-de-sol product_tag-outlet has-post-thumbnail sale taxable shipping-taxable purchasable product-type-simple\">\n\t<a href=\"https:\/\/www.opticagracia.com\/fr\/producto\/oakley-holbrook-9102-e4\/\" class=\"woocommerce-LoopProduct-link woocommerce-loop-product__link\">\r\n\t\t<span class=\"e33-producto-agotado\">\r\n\t\t\tEn rupture de stock\r\n\t\t<\/span>\r\n\r\n\t\t\n\t<span class=\"onsale\" data-no-translation=\"\" data-trp-gettext=\"\">Promo\u00a0!<\/span>\n\t<img loading=\"lazy\" decoding=\"async\" width=\"200\" height=\"98\" src=\"https:\/\/www.opticagracia.com\/wp-content\/uploads\/2018\/02\/9102-E4-e1527177720874.jpg\" class=\"attachment-woocommerce_thumbnail size-woocommerce_thumbnail\" alt=\"Lunettes de soleil Oakley Holbrook 9102-E4\" \/><h2 class=\"woocommerce-loop-product__title\">Lunettes de soleil Oakley Holbrook 9102-E4<\/h2>\n\t<span class=\"price\"><del aria-hidden=\"true\"><span class=\"woocommerce-Price-amount amount\"><bdi>149,00<span class=\"woocommerce-Price-currencySymbol\" translate=\"no\">\u20ac<\/span><\/bdi><\/span><\/del> <span class=\"screen-reader-text\" data-no-translation=\"\" data-trp-gettext=\"\">El precio original era: 149,00&euro;.<\/span><ins aria-hidden=\"true\"><span class=\"woocommerce-Price-amount amount\"><bdi>119,00<span class=\"woocommerce-Price-currencySymbol\" translate=\"no\">\u20ac<\/span><\/bdi><\/span><\/ins><span class=\"screen-reader-text\" data-no-translation=\"\" data-trp-gettext=\"\">El precio actual es: 119,00&euro;.<\/span><\/span>\n<\/a><a href=\"https:\/\/www.opticagracia.com\/fr\/producto\/oakley-holbrook-9102-e4\/\" aria-describedby=\"woocommerce_loop_add_to_cart_link_describedby_4660\" data-quantity=\"1\" class=\"button product_type_simple\" data-product_id=\"4660\" data-product_sku=\"\" aria-label=\"Lee m\u00e1s sobre \u201cGafas de sol Oakley Holbrook 9102-E4\u201d\" rel=\"nofollow\" data-success_message=\"\" data-no-translation-aria-label=\"\">En savoir plus<\/a>\t<span id=\"woocommerce_loop_add_to_cart_link_describedby_4660\" class=\"screen-reader-text\">\n\t\t\t<\/span>\n<\/li>\n<li class=\"product type-product post-4658 status-publish outofstock product_cat-gafas-de-sol product_tag-outlet has-post-thumbnail sale taxable shipping-taxable purchasable product-type-simple\">\n\t<a href=\"https:\/\/www.opticagracia.com\/fr\/producto\/oakley-holbrook-9102-c1-polarizado\/\" class=\"woocommerce-LoopProduct-link woocommerce-loop-product__link\">\r\n\t\t<span class=\"e33-producto-agotado\">\r\n\t\t\tEn rupture de stock\r\n\t\t<\/span>\r\n\r\n\t\t\n\t<span class=\"onsale\" data-no-translation=\"\" data-trp-gettext=\"\">Promo\u00a0!<\/span>\n\t<img loading=\"lazy\" decoding=\"async\" width=\"400\" height=\"200\" src=\"https:\/\/www.opticagracia.com\/wp-content\/uploads\/2018\/02\/Gafas-Oakley-Holbrook-9102-C1-opticagracia-e1572890898336-400x200.jpg\" class=\"attachment-woocommerce_thumbnail size-woocommerce_thumbnail\" alt=\"Lunettes de soleil Oakley Holbrook 9102-C1 polaris\u00e9es\" \/><h2 class=\"woocommerce-loop-product__title\">Lunettes de soleil Oakley Holbrook 9102-C1 polaris\u00e9es<\/h2>\n\t<span class=\"price\"><del aria-hidden=\"true\"><span class=\"woocommerce-Price-amount amount\"><bdi>199,00<span class=\"woocommerce-Price-currencySymbol\" translate=\"no\">\u20ac<\/span><\/bdi><\/span><\/del> <span class=\"screen-reader-text\" data-no-translation=\"\" data-trp-gettext=\"\">El precio original era: 199,00&euro;.<\/span><ins aria-hidden=\"true\"><span class=\"woocommerce-Price-amount amount\"><bdi>149,00<span class=\"woocommerce-Price-currencySymbol\" translate=\"no\">\u20ac<\/span><\/bdi><\/span><\/ins><span class=\"screen-reader-text\" data-no-translation=\"\" data-trp-gettext=\"\">El precio actual es: 149,00&euro;.<\/span><\/span>\n<\/a><a href=\"https:\/\/www.opticagracia.com\/fr\/producto\/oakley-holbrook-9102-c1-polarizado\/\" aria-describedby=\"woocommerce_loop_add_to_cart_link_describedby_4658\" data-quantity=\"1\" class=\"button product_type_simple\" data-product_id=\"4658\" data-product_sku=\"\" aria-label=\"Lee m\u00e1s sobre \u201cGafas de sol Oakley Holbrook 9102-C1 Polarizado\u201d\" rel=\"nofollow\" data-success_message=\"\" data-no-translation-aria-label=\"\">En savoir plus<\/a>\t<span id=\"woocommerce_loop_add_to_cart_link_describedby_4658\" class=\"screen-reader-text\">\n\t\t\t<\/span>\n<\/li>\n<li class=\"product type-product post-4653 status-publish outofstock product_cat-gafas-de-sol product_tag-outlet has-post-thumbnail sale taxable shipping-taxable purchasable product-type-simple\">\n\t<a href=\"https:\/\/www.opticagracia.com\/fr\/producto\/oakley-holbrook-9102-51-polarizado\/\" class=\"woocommerce-LoopProduct-link woocommerce-loop-product__link\">\r\n\t\t<span class=\"e33-producto-agotado\">\r\n\t\t\tEn rupture de stock\r\n\t\t<\/span>\r\n\r\n\t\t\n\t<span class=\"onsale\" data-no-translation=\"\" data-trp-gettext=\"\">Promo\u00a0!<\/span>\n\t<img loading=\"lazy\" decoding=\"async\" width=\"200\" height=\"96\" src=\"https:\/\/www.opticagracia.com\/wp-content\/uploads\/2018\/02\/920251-e1527177750234.jpg\" class=\"attachment-woocommerce_thumbnail size-woocommerce_thumbnail\" alt=\"Lunettes de soleil Oakley Holbrook 9102-51 polaris\u00e9es\" \/><h2 class=\"woocommerce-loop-product__title\">Lunettes de soleil Oakley Holbrook 9102-51 polaris\u00e9es<\/h2>\n\t<span class=\"price\"><del aria-hidden=\"true\"><span class=\"woocommerce-Price-amount amount\"><bdi>189,00<span class=\"woocommerce-Price-currencySymbol\" translate=\"no\">\u20ac<\/span><\/bdi><\/span><\/del> <span class=\"screen-reader-text\" data-no-translation=\"\" data-trp-gettext=\"\">El precio original era: 189,00&euro;.<\/span><ins aria-hidden=\"true\"><span class=\"woocommerce-Price-amount amount\"><bdi>145,00<span class=\"woocommerce-Price-currencySymbol\" translate=\"no\">\u20ac<\/span><\/bdi><\/span><\/ins><span class=\"screen-reader-text\" data-no-translation=\"\" data-trp-gettext=\"\">El precio actual es: 145,00&euro;.<\/span><\/span>\n<\/a><a href=\"https:\/\/www.opticagracia.com\/fr\/producto\/oakley-holbrook-9102-51-polarizado\/\" aria-describedby=\"woocommerce_loop_add_to_cart_link_describedby_4653\" data-quantity=\"1\" class=\"button product_type_simple\" data-product_id=\"4653\" data-product_sku=\"\" aria-label=\"Lee m\u00e1s sobre \u201cGafas de sol Oakley Holbrook 9102-51 Polarizado\u201d\" rel=\"nofollow\" data-success_message=\"\" data-no-translation-aria-label=\"\">En savoir plus<\/a>\t<span id=\"woocommerce_loop_add_to_cart_link_describedby_4653\" class=\"screen-reader-text\">\n\t\t\t<\/span>\n<\/li>\n<li class=\"product type-product post-4650 status-publish last outofstock product_cat-gafas-de-sol product_tag-outlet has-post-thumbnail sale taxable shipping-taxable purchasable product-type-simple\">\n\t<a href=\"https:\/\/www.opticagracia.com\/fr\/producto\/oakley-holbrook-9102-01\/\" class=\"woocommerce-LoopProduct-link woocommerce-loop-product__link\">\r\n\t\t<span class=\"e33-producto-agotado\">\r\n\t\t\tEn rupture de stock\r\n\t\t<\/span>\r\n\r\n\t\t\n\t<span class=\"onsale\" data-no-translation=\"\" data-trp-gettext=\"\">Promo\u00a0!<\/span>\n\t<img loading=\"lazy\" decoding=\"async\" width=\"400\" height=\"200\" src=\"https:\/\/www.opticagracia.com\/wp-content\/uploads\/2018\/02\/910201-400x200.jpg\" class=\"attachment-woocommerce_thumbnail size-woocommerce_thumbnail\" alt=\"Lunettes de soleil Oakley Holbrook 9102-01\" \/><h2 class=\"woocommerce-loop-product__title\">Lunettes de soleil Oakley Holbrook 9102-01<\/h2>\n\t<span class=\"price\"><del aria-hidden=\"true\"><span class=\"woocommerce-Price-amount amount\"><bdi>139,00<span class=\"woocommerce-Price-currencySymbol\" translate=\"no\">\u20ac<\/span><\/bdi><\/span><\/del> <span class=\"screen-reader-text\" data-no-translation=\"\" data-trp-gettext=\"\">El precio original era: 139,00&euro;.<\/span><ins aria-hidden=\"true\"><span class=\"woocommerce-Price-amount amount\"><bdi>105,00<span class=\"woocommerce-Price-currencySymbol\" translate=\"no\">\u20ac<\/span><\/bdi><\/span><\/ins><span class=\"screen-reader-text\" data-no-translation=\"\" data-trp-gettext=\"\">El precio actual es: 105,00&euro;.<\/span><\/span>\n<\/a><a href=\"https:\/\/www.opticagracia.com\/fr\/producto\/oakley-holbrook-9102-01\/\" aria-describedby=\"woocommerce_loop_add_to_cart_link_describedby_4650\" data-quantity=\"1\" class=\"button product_type_simple\" data-product_id=\"4650\" data-product_sku=\"\" aria-label=\"Lee m\u00e1s sobre \u201cGafas de sol Oakley Holbrook 9102-01\u201d\" rel=\"nofollow\" data-success_message=\"\" data-no-translation-aria-label=\"\">En savoir plus<\/a>\t<span id=\"woocommerce_loop_add_to_cart_link_describedby_4650\" class=\"screen-reader-text\">\n\t\t\t<\/span>\n<\/li>\n<\/ul>\n<nav class=\"woocommerce-pagination\" aria-label=\"Pagination des produits\" data-no-translation-aria-label=\"\">\n\t<ul class='page-numbers'>\n\t<li><span aria-label=\"Page 1\" aria-current=\"page\" class=\"page-numbers current\" data-no-translation-aria-label=\"\">1<\/span><\/li>\n\t<li><a aria-label=\"Page 2\" class=\"page-numbers\" href=\"\/fr\/wp-json\/wp\/v2\/pages\/4033?product-page=2\" data-no-translation-aria-label=\"\">2<\/a><\/li>\n\t<li><a class=\"next page-numbers\" href=\"\/fr\/wp-json\/wp\/v2\/pages\/4033?product-page=2\">\u2192<\/a><\/li>\n<\/ul>\n<\/nav>\n<\/div>\t\t\t\t<\/div>\n\t\t\t\t<\/div>\n\t\t\t\t\t<\/div>\n\t\t<\/div>\n\t\t\t\t\t<\/div>\n\t\t<\/section>\n\t\t\t\t<\/div>","protected":false},"excerpt":{"rendered":"<p>2\u00ba Progresivo gratuito En \u00d3ptica Gracia somos especialistas en lentes progresivas, ofrecemos siempre m\u00e1xima calidad y \u00faltima tecnolog\u00eda. Ahora con la compra de una pareja de lentes progresivas de alta gama obtendr\u00e1s una segunda pareja de lentes de regalo!! T\u00fa eliges si quieres que sean de vista, de sol o fotocrom\u00e1ticos. Gafas progresivas Montura + [&hellip;]<\/p>\n","protected":false},"author":6,"featured_media":14475,"parent":0,"menu_order":0,"comment_status":"closed","ping_status":"closed","template":"templates\/page-fullwidth_template.php","meta":{"footnotes":""},"class_list":["post-4033","page","type-page","status-publish","has-post-thumbnail","hentry"],"_links":{"self":[{"href":"https:\/\/www.opticagracia.com\/fr\/wp-json\/wp\/v2\/pages\/4033","targetHints":{"allow":["GET"]}}],"collection":[{"href":"https:\/\/www.opticagracia.com\/fr\/wp-json\/wp\/v2\/pages"}],"about":[{"href":"https:\/\/www.opticagracia.com\/fr\/wp-json\/wp\/v2\/types\/page"}],"author":[{"embeddable":true,"href":"https:\/\/www.opticagracia.com\/fr\/wp-json\/wp\/v2\/users\/6"}],"replies":[{"embeddable":true,"href":"https:\/\/www.opticagracia.com\/fr\/wp-json\/wp\/v2\/comments?post=4033"}],"version-history":[{"count":1,"href":"https:\/\/www.opticagracia.com\/fr\/wp-json\/wp\/v2\/pages\/4033\/revisions"}],"predecessor-version":[{"id":21153,"href":"https:\/\/www.opticagracia.com\/fr\/wp-json\/wp\/v2\/pages\/4033\/revisions\/21153"}],"wp:featuredmedia":[{"embeddable":true,"href":"https:\/\/www.opticagracia.com\/fr\/wp-json\/wp\/v2\/media\/14475"}],"wp:attachment":[{"href":"https:\/\/www.opticagracia.com\/fr\/wp-json\/wp\/v2\/media?parent=4033"}],"curies":[{"name":"wp","href":"https:\/\/api.w.org\/{rel}","templated":true}]}}